{"id":2903,"date":"2020-12-15T18:33:51","date_gmt":"2020-12-15T15:33:51","guid":{"rendered":"https:\/\/www.kidder.org.tr\/denetisim\/?page_id=2903"},"modified":"2021-01-17T16:21:19","modified_gmt":"2021-01-17T13:21:19","slug":"amac-ve-hedefler","status":"publish","type":"page","link":"https:\/\/www.kidder.org.tr\/denetisim\/amac-ve-hedefler\/","title":{"rendered":"Ama\u00e7 ve Hedefler"},"content":{"rendered":"<div class=\"wpb-content-wrapper\"><p>[vc_row][vc_column][vc_empty_space][\/vc_column][\/vc_row][vc_row][vc_column][vc_column_text]<strong>Deneti\u015fim Dergisinin amac\u0131<\/strong>; denetim fonksiyonunun t\u00fcm arg\u00fcmanlar\u0131yla geli\u015ftirilmesini desteklemek suretiyle kamu y\u00f6netiminde \u015feffafl\u0131k,\u00a0hesap verebilirlik, kat\u0131l\u0131mc\u0131l\u0131k, \u00f6ng\u00f6r\u00fclebilirlik gibi iyi y\u00f6netim ilkelerinin yerle\u015fmesine ve kurumsalla\u015fmaya katk\u0131 sa\u011flamakt\u0131r.<\/p>\n<p>&nbsp;<\/p>\n<p>Bu ama\u00e7 \u00e7er\u00e7evesinde Deneti\u015fim; \u00f6zellikle kamu sekt\u00f6r\u00fcnde i\u00e7 denetimle ilgili konularda payda\u015flar\u0131na yeni ufuklar a\u00e7may\u0131, i\u00e7 denetim\/denetim mesle\u011fini ilgilendiren \u00f6nemli konular\u0131 g\u00fcndeme ta\u015f\u0131may\u0131, mesle\u011fin profesyonelleri ile akademisyenlerin bak\u0131\u015f a\u00e7\u0131s\u0131n\u0131 bir arada irdelemek suretiyle s\u00fcrekli mesleki geli\u015fime katk\u0131 sa\u011flamay\u0131, \u00fclkemiz kamu y\u00f6netimine de\u011fer katacak \u00e7\u0131kt\u0131lar \u00fcretilmesine zemin haz\u0131rlamay\u0131 hedeflemektedir.[\/vc_column_text][\/vc_column][\/vc_row][vc_row][vc_column][vc_empty_space][\/vc_column][\/vc_row]<\/p>\n<\/div>","protected":false},"excerpt":{"rendered":"<p>[vc_row][vc_column][vc_empty_space][\/vc_column][\/vc_row][vc_row][vc_column][vc_column_text]Deneti\u015fim Dergisinin amac\u0131; denetim fonksiyonunun t\u00fcm arg\u00fcmanlar\u0131yla geli\u015ftirilmesini desteklemek suretiyle kamu y\u00f6netiminde \u015feffafl\u0131k,\u00a0hesap verebilirlik, kat\u0131l\u0131mc\u0131l\u0131k, \u00f6ng\u00f6r\u00fclebilirlik gibi iyi y\u00f6netim ilkelerinin yerle\u015fmesine ve kurumsalla\u015fmaya katk\u0131 sa\u011flamakt\u0131r. &nbsp; Bu ama\u00e7 \u00e7er\u00e7evesinde Deneti\u015fim; \u00f6zellikle kamu sekt\u00f6r\u00fcnde i\u00e7 denetimle ilgili konularda payda\u015flar\u0131na yeni ufuklar a\u00e7may\u0131, i\u00e7 denetim\/denetim mesle\u011fini ilgilendiren \u00f6nemli konular\u0131 g\u00fcndeme ta\u015f\u0131may\u0131, mesle\u011fin<\/p>\n","protected":false},"author":1,"featured_media":0,"parent":0,"menu_order":0,"comment_status":"closed","ping_status":"closed","template":"","meta":{"footnotes":""},"class_list":["post-2903","page","type-page","status-publish","hentry"],"_links":{"self":[{"href":"https:\/\/www.kidder.org.tr\/denetisim\/wp-json\/wp\/v2\/pages\/2903","targetHints":{"allow":["GET"]}}],"collection":[{"href":"https:\/\/www.kidder.org.tr\/denetisim\/wp-json\/wp\/v2\/pages"}],"about":[{"href":"https:\/\/www.kidder.org.tr\/denetisim\/wp-json\/wp\/v2\/types\/page"}],"author":[{"embeddable":true,"href":"https:\/\/www.kidder.org.tr\/denetisim\/wp-json\/wp\/v2\/users\/1"}],"replies":[{"embeddable":true,"href":"https:\/\/www.kidder.org.tr\/denetisim\/wp-json\/wp\/v2\/comments?post=2903"}],"version-history":[{"count":2,"href":"https:\/\/www.kidder.org.tr\/denetisim\/wp-json\/wp\/v2\/pages\/2903\/revisions"}],"predecessor-version":[{"id":2970,"href":"https:\/\/www.kidder.org.tr\/denetisim\/wp-json\/wp\/v2\/pages\/2903\/revisions\/2970"}],"wp:attachment":[{"href":"https:\/\/www.kidder.org.tr\/denetisim\/wp-json\/wp\/v2\/media?parent=2903"}],"curies":[{"name":"wp","href":"https:\/\/api.w.org\/{rel}","templated":true}]}}